{"id":2801,"date":"2024-04-12T10:41:29","date_gmt":"2024-04-12T10:41:29","guid":{"rendered":"https:\/\/www.creualtadental.com\/equip\/"},"modified":"2026-01-08T14:04:02","modified_gmt":"2026-01-08T14:04:02","slug":"equipo","status":"publish","type":"page","link":"https:\/\/www.creualtadental.com\/es\/equipo\/","title":{"rendered":"Equipo"},"content":{"rendered":"\t\t<div data-elementor-type=\"wp-page\" data-elementor-id=\"2801\" class=\"elementor elementor-2801 elementor-72\" data-elementor-post-type=\"page\">\n\t\t\t\t<div class=\"elementor-element elementor-element-8835f81 e-flex e-con-boxed e-con e-parent\" data-id=\"8835f81\" data-element_type=\"container\" data-e-type=\"container\" data-settings=\"{&quot;background_background&quot;:&quot;classic&quot;,&quot;shape_divider_bottom&quot;:&quot;waves&quot;}\">\n\t\t\t\t\t<div class=\"e-con-inner\">\n\t\t\t\t<div class=\"elementor-shape elementor-shape-bottom\" aria-hidden=\"true\" data-negative=\"false\">\n\t\t\t<svg xmlns=\"http:\/\/www.w3.org\/2000\/svg\" viewBox=\"0 0 1000 100\" preserveAspectRatio=\"none\">\n\t<path class=\"elementor-shape-fill\" d=\"M421.9,6.5c22.6-2.5,51.5,0.4,75.5,5.3c23.6,4.9,70.9,23.5,100.5,35.7c75.8,32.2,133.7,44.5,192.6,49.7\n\tc23.6,2.1,48.7,3.5,103.4-2.5c54.7-6,106.2-25.6,106.2-25.6V0H0v30.3c0,0,72,32.6,158.4,30.5c39.2-0.7,92.8-6.7,134-22.4\n\tc21.2-8.1,52.2-18.2,79.7-24.2C399.3,7.9,411.6,7.5,421.9,6.5z\"\/>\n<\/svg>\t\t<\/div>\n\t\t<div class=\"elementor-element elementor-element-2a9dea1 e-con-full e-flex e-con e-child\" data-id=\"2a9dea1\" data-element_type=\"container\" data-e-type=\"container\">\n\t\t\t\t<div class=\"elementor-element elementor-element-ae2b768 elementor-widget elementor-widget-heading\" data-id=\"ae2b768\" data-element_type=\"widget\" data-e-type=\"widget\" data-widget_type=\"heading.default\">\n\t\t\t\t<div class=\"elementor-widget-container\">\n\t\t\t\t\t<h3 class=\"elementor-heading-title elementor-size-default\">QUIENES SOMOS<\/h3>\t\t\t\t<\/div>\n\t\t\t\t<\/div>\n\t\t\t\t<div class=\"elementor-element elementor-element-5c70c00 elementor-widget elementor-widget-heading\" data-id=\"5c70c00\" data-element_type=\"widget\" data-e-type=\"widget\" data-widget_type=\"heading.default\">\n\t\t\t\t<div class=\"elementor-widget-container\">\n\t\t\t\t\t<h1 class=\"elementor-heading-title elementor-size-default\">El equipo de<br \/> \nCreu Alta Dental<\/h1>\t\t\t\t<\/div>\n\t\t\t\t<\/div>\n\t\t\t\t<div class=\"elementor-element elementor-element-791f05f elementor-widget__width-initial elementor-widget elementor-widget-text-editor\" data-id=\"791f05f\" data-element_type=\"widget\" data-e-type=\"widget\" data-widget_type=\"text-editor.default\">\n\t\t\t\t<div class=\"elementor-widget-container\">\n\t\t\t\t\t\t\t\t\t<p>El equipo est\u00e1 formado por excelentes profesionales de la odontolog\u00eda altamente comprometidos con la labor asistencial y el bienestar de nuestros pacientes.<\/p>\t\t\t\t\t\t\t\t<\/div>\n\t\t\t\t<\/div>\n\t\t\t\t<div class=\"elementor-element elementor-element-fc3c3af elementor-mobile-align-center elementor-widget elementor-widget-button\" data-id=\"fc3c3af\" data-element_type=\"widget\" data-e-type=\"widget\" data-widget_type=\"button.default\">\n\t\t\t\t<div class=\"elementor-widget-container\">\n\t\t\t\t\t\t\t\t\t<div class=\"elementor-button-wrapper\">\n\t\t\t\t\t<a class=\"elementor-button elementor-button-link elementor-size-md\" href=\"#link\">\n\t\t\t\t\t\t<span class=\"elementor-button-content-wrapper\">\n\t\t\t\t\t\t<span class=\"elementor-button-icon\">\n\t\t\t\t<svg aria-hidden=\"true\" class=\"e-font-icon-svg e-fas-arrow-down\" viewBox=\"0 0 448 512\" xmlns=\"http:\/\/www.w3.org\/2000\/svg\"><path d=\"M413.1 222.5l22.2 22.2c9.4 9.4 9.4 24.6 0 33.9L241 473c-9.4 9.4-24.6 9.4-33.9 0L12.7 278.6c-9.4-9.4-9.4-24.6 0-33.9l22.2-22.2c9.5-9.5 25-9.3 34.3.4L184 343.4V56c0-13.3 10.7-24 24-24h32c13.3 0 24 10.7 24 24v287.4l114.8-120.5c9.3-9.8 24.8-10 34.3-.4z\"><\/path><\/svg>\t\t\t<\/span>\n\t\t\t\t\t\t\t\t\t<span class=\"elementor-button-text\">Saber m\u00e1s<\/span>\n\t\t\t\t\t<\/span>\n\t\t\t\t\t<\/a>\n\t\t\t\t<\/div>\n\t\t\t\t\t\t\t\t<\/div>\n\t\t\t\t<\/div>\n\t\t\t\t<\/div>\n\t\t\t\t\t<\/div>\n\t\t\t\t<\/div>\n\t\t<div class=\"elementor-element elementor-element-30dcb83d e-flex e-con-boxed e-con e-parent\" data-id=\"30dcb83d\" data-element_type=\"container\" data-e-type=\"container\" id=\"link\" data-settings=\"{&quot;background_background&quot;:&quot;classic&quot;}\">\n\t\t\t\t\t<div class=\"e-con-inner\">\n\t\t<div class=\"elementor-element elementor-element-449eaadf e-flex e-con-boxed e-con e-child\" data-id=\"449eaadf\" data-element_type=\"container\" data-e-type=\"container\">\n\t\t\t\t\t<div class=\"e-con-inner\">\n\t\t\t\t<div class=\"elementor-element elementor-element-c6b8b71 elementor-widget__width-initial elementor-widget elementor-widget-heading\" data-id=\"c6b8b71\" data-element_type=\"widget\" data-e-type=\"widget\" data-widget_type=\"heading.default\">\n\t\t\t\t<div class=\"elementor-widget-container\">\n\t\t\t\t\t<h2 class=\"elementor-heading-title elementor-size-default\">Ofrecemos una atenci\u00f3n odontol\u00f3gica integral englobando todas las especialidades en la propia cl\u00ednica.<\/h2>\t\t\t\t<\/div>\n\t\t\t\t<\/div>\n\t\t\t\t<div class=\"elementor-element elementor-element-5b1f81e6 elementor-widget elementor-widget-text-editor\" data-id=\"5b1f81e6\" data-element_type=\"widget\" data-e-type=\"widget\" data-widget_type=\"text-editor.default\">\n\t\t\t\t<div class=\"elementor-widget-container\">\n\t\t\t\t\t\t\t\t\t<p><strong>Creu Alta Dental<\/strong> la formamos un equipo multidisciplinar altamente cualificado y en continua formaci\u00f3n. Trabajamos conjuntamente para diagnosticar, planificar y tratar a nuestros pacientes con empat\u00eda y siempre con un trato humano y personalizado.<\/p><p>No s\u00f3lo cuidamos la salud oral, sino que tambi\u00e9n cuidamos a las personas.<\/p><p><strong>En Creu Alta Dental cuidamos de ti y de los tuyos.<\/strong><\/p>\t\t\t\t\t\t\t\t<\/div>\n\t\t\t\t<\/div>\n\t\t\t\t\t<\/div>\n\t\t\t\t<\/div>\n\t\t<div class=\"elementor-element elementor-element-d83d324 e-flex e-con-boxed e-con e-child\" data-id=\"d83d324\" data-element_type=\"container\" data-e-type=\"container\">\n\t\t\t\t\t<div class=\"e-con-inner\">\n\t\t<div class=\"elementor-element elementor-element-39f4843 e-flex e-con-boxed e-con e-child\" data-id=\"39f4843\" data-element_type=\"container\" data-e-type=\"container\">\n\t\t\t\t\t<div class=\"e-con-inner\">\n\t\t\t\t<div class=\"elementor-element elementor-element-461d9f9 elementor-widget elementor-widget-image\" data-id=\"461d9f9\" data-element_type=\"widget\" data-e-type=\"widget\" data-widget_type=\"image.default\">\n\t\t\t\t<div class=\"elementor-widget-container\">\n\t\t\t\t\t\t\t\t\t\t\t\t\t\t\t<img fetchpriority=\"high\" decoding=\"async\" width=\"800\" height=\"800\" src=\"https:\/\/www.creualtadental.com\/wp-content\/uploads\/2025\/04\/cristina-consola-1.jpg\" class=\"attachment-large size-large wp-image-2757\" alt=\"\" srcset=\"https:\/\/www.creualtadental.com\/wp-content\/uploads\/2025\/04\/cristina-consola-1.jpg 1000w, https:\/\/www.creualtadental.com\/wp-content\/uploads\/2025\/04\/cristina-consola-1-300x300.jpg 300w, https:\/\/www.creualtadental.com\/wp-content\/uploads\/2025\/04\/cristina-consola-1-150x150.jpg 150w, https:\/\/www.creualtadental.com\/wp-content\/uploads\/2025\/04\/cristina-consola-1-768x768.jpg 768w\" sizes=\"(max-width: 800px) 100vw, 800px\" \/>\t\t\t\t\t\t\t\t\t\t\t\t\t\t\t<\/div>\n\t\t\t\t<\/div>\n\t\t<div class=\"elementor-element elementor-element-cc56201 e-con-full e-flex e-con e-child\" data-id=\"cc56201\" data-element_type=\"container\" data-e-type=\"container\">\n\t\t\t\t<div class=\"elementor-element elementor-element-038ffc6 elementor-widget elementor-widget-heading\" data-id=\"038ffc6\" data-element_type=\"widget\" data-e-type=\"widget\" data-widget_type=\"heading.default\">\n\t\t\t\t<div class=\"elementor-widget-container\">\n\t\t\t\t\t<h2 class=\"elementor-heading-title elementor-size-default\">Cristina Consola<\/h2>\t\t\t\t<\/div>\n\t\t\t\t<\/div>\n\t\t\t\t<div class=\"elementor-element elementor-element-cc2d115 elementor-widget elementor-widget-text-editor\" data-id=\"cc2d115\" data-element_type=\"widget\" data-e-type=\"widget\" data-widget_type=\"text-editor.default\">\n\t\t\t\t<div class=\"elementor-widget-container\">\n\t\t\t\t\t\t\t\t\t<ul><li>Licenciada en Odontolog\u00eda por la Universidad de Barcelona.<\/li><li>Postgrado en Pr\u00f3tesis Bucal en la Universidad de Barcelona.<\/li><li>Curso de Ortodoncia Cl\u00ednica en Estudios Ortod\u00f3ncicos de Postgrado.<\/li><li>Postgrado en Est\u00e9tica Dental Avanzada en la Sociedad Catalana de Odontolog\u00eda y Estomatolog\u00eda.<\/li><li>Curso Excelencia composites anteriores por el Autran Dental Academy.<\/li><li>Miembro afiliado a SEPES.<\/li><\/ul>\t\t\t\t\t\t\t\t<\/div>\n\t\t\t\t<\/div>\n\t\t\t\t<\/div>\n\t\t\t\t\t<\/div>\n\t\t\t\t<\/div>\n\t\t<div class=\"elementor-element elementor-element-558ff67 e-flex e-con-boxed e-con e-child\" data-id=\"558ff67\" data-element_type=\"container\" data-e-type=\"container\">\n\t\t\t\t\t<div class=\"e-con-inner\">\n\t\t<div class=\"elementor-element elementor-element-11feb74 e-con-full e-flex e-con e-child\" data-id=\"11feb74\" data-element_type=\"container\" data-e-type=\"container\">\n\t\t\t\t<div class=\"elementor-element elementor-element-057a109 elementor-widget elementor-widget-heading\" data-id=\"057a109\" data-element_type=\"widget\" data-e-type=\"widget\" data-widget_type=\"heading.default\">\n\t\t\t\t<div class=\"elementor-widget-container\">\n\t\t\t\t\t<h2 class=\"elementor-heading-title elementor-size-default\">Lourdes Mart\u00edn<\/h2>\t\t\t\t<\/div>\n\t\t\t\t<\/div>\n\t\t\t\t<div class=\"elementor-element elementor-element-101b4ba elementor-widget elementor-widget-text-editor\" data-id=\"101b4ba\" data-element_type=\"widget\" data-e-type=\"widget\" data-widget_type=\"text-editor.default\">\n\t\t\t\t<div class=\"elementor-widget-container\">\n\t\t\t\t\t\t\t\t\t<ul><li>Licenciada en Odontolog\u00eda por la Universidad de Barcelona.<\/li><li>Postgrado en Pr\u00f3tesis Bucal en la Universidad de Barcelona.<\/li><li>Postgrado en Endodoncia en la Academia de Ciencias M\u00e9dicas.<\/li><li>Curso Excelencia composites anteriores por el Autran Dental Academy<\/li><li>Curso OMI (Odontolog\u00eda m\u00ednimamente invasiva)<\/li><li>Curso de Est\u00e9tica y Rehabilitaciones. MIT<\/li><li>\u00a0Miembro afiliado a SEPES.<\/li><\/ul>\t\t\t\t\t\t\t\t<\/div>\n\t\t\t\t<\/div>\n\t\t\t\t<\/div>\n\t\t\t\t<div class=\"elementor-element elementor-element-4492012 elementor-widget elementor-widget-image\" data-id=\"4492012\" data-element_type=\"widget\" data-e-type=\"widget\" data-widget_type=\"image.default\">\n\t\t\t\t<div class=\"elementor-widget-container\">\n\t\t\t\t\t\t\t\t\t\t\t\t\t\t\t<img decoding=\"async\" width=\"800\" height=\"800\" src=\"https:\/\/www.creualtadental.com\/wp-content\/uploads\/2025\/04\/lourdes-marin.jpg\" class=\"attachment-large size-large wp-image-2758\" alt=\"\" srcset=\"https:\/\/www.creualtadental.com\/wp-content\/uploads\/2025\/04\/lourdes-marin.jpg 1000w, https:\/\/www.creualtadental.com\/wp-content\/uploads\/2025\/04\/lourdes-marin-300x300.jpg 300w, https:\/\/www.creualtadental.com\/wp-content\/uploads\/2025\/04\/lourdes-marin-150x150.jpg 150w, https:\/\/www.creualtadental.com\/wp-content\/uploads\/2025\/04\/lourdes-marin-768x768.jpg 768w\" sizes=\"(max-width: 800px) 100vw, 800px\" \/>\t\t\t\t\t\t\t\t\t\t\t\t\t\t\t<\/div>\n\t\t\t\t<\/div>\n\t\t\t\t\t<\/div>\n\t\t\t\t<\/div>\n\t\t<div class=\"elementor-element elementor-element-b13dd1a e-flex e-con-boxed e-con e-child\" data-id=\"b13dd1a\" data-element_type=\"container\" data-e-type=\"container\">\n\t\t\t\t\t<div class=\"e-con-inner\">\n\t\t\t\t<div class=\"elementor-element elementor-element-fe5f61f elementor-widget elementor-widget-image\" data-id=\"fe5f61f\" data-element_type=\"widget\" data-e-type=\"widget\" data-widget_type=\"image.default\">\n\t\t\t\t<div class=\"elementor-widget-container\">\n\t\t\t\t\t\t\t\t\t\t\t\t\t\t\t<img decoding=\"async\" width=\"800\" height=\"800\" src=\"https:\/\/www.creualtadental.com\/wp-content\/uploads\/2025\/04\/natalia-mateo.jpg\" class=\"attachment-large size-large wp-image-2759\" alt=\"\" srcset=\"https:\/\/www.creualtadental.com\/wp-content\/uploads\/2025\/04\/natalia-mateo.jpg 1000w, https:\/\/www.creualtadental.com\/wp-content\/uploads\/2025\/04\/natalia-mateo-300x300.jpg 300w, https:\/\/www.creualtadental.com\/wp-content\/uploads\/2025\/04\/natalia-mateo-150x150.jpg 150w, https:\/\/www.creualtadental.com\/wp-content\/uploads\/2025\/04\/natalia-mateo-768x768.jpg 768w\" sizes=\"(max-width: 800px) 100vw, 800px\" \/>\t\t\t\t\t\t\t\t\t\t\t\t\t\t\t<\/div>\n\t\t\t\t<\/div>\n\t\t<div class=\"elementor-element elementor-element-e55ecf6 e-con-full e-flex e-con e-child\" data-id=\"e55ecf6\" data-element_type=\"container\" data-e-type=\"container\">\n\t\t\t\t<div class=\"elementor-element elementor-element-882ee1f elementor-widget elementor-widget-heading\" data-id=\"882ee1f\" data-element_type=\"widget\" data-e-type=\"widget\" data-widget_type=\"heading.default\">\n\t\t\t\t<div class=\"elementor-widget-container\">\n\t\t\t\t\t<h2 class=\"elementor-heading-title elementor-size-default\">Natalia Mateo<\/h2>\t\t\t\t<\/div>\n\t\t\t\t<\/div>\n\t\t\t\t<div class=\"elementor-element elementor-element-db7af5f elementor-widget elementor-widget-text-editor\" data-id=\"db7af5f\" data-element_type=\"widget\" data-e-type=\"widget\" data-widget_type=\"text-editor.default\">\n\t\t\t\t<div class=\"elementor-widget-container\">\n\t\t\t\t\t\t\t\t\t<ul><li>Licenciada en Odontolog\u00eda por la Universidad de Barcelona.<\/li><li>M\u00e1ster de Ortodoncia y Ortopedia dentofacial por la Universidad Internacional de Catalunya.<\/li><li>Especialista en ortodoncia, pr\u00e1ctica exclusiva.<\/li><li>Especialista en cirug\u00eda ortogn\u00e1tica.<\/li><li>Diploma en t\u00e9cnicas de ortodoncia &#8216;invisible&#8217;: invisaling<\/li><li>Curso de Doctorado en la Universidad Internacional de Catalu\u00f1a<\/li><li>Curso de formaci\u00f3n continuada de Ortodoncia Lingual en la Universidad Complutense de Madrid.<\/li><li>Desde 2002 hasta 2018, profesora asociada al M\u00e1ster de ortodoncia en la Universidad Internacional de Catalunya.<\/li><li>Miembro afiliado a SEDO y AESOR<\/li><\/ul>\t\t\t\t\t\t\t\t<\/div>\n\t\t\t\t<\/div>\n\t\t\t\t<\/div>\n\t\t\t\t\t<\/div>\n\t\t\t\t<\/div>\n\t\t<div class=\"elementor-element elementor-element-edd95f3 e-flex e-con-boxed e-con e-child\" data-id=\"edd95f3\" data-element_type=\"container\" data-e-type=\"container\">\n\t\t\t\t\t<div class=\"e-con-inner\">\n\t\t<div class=\"elementor-element elementor-element-17f1deb e-con-full e-flex e-con e-child\" data-id=\"17f1deb\" data-element_type=\"container\" data-e-type=\"container\">\n\t\t\t\t<div class=\"elementor-element elementor-element-d34fda6 elementor-widget elementor-widget-heading\" data-id=\"d34fda6\" data-element_type=\"widget\" data-e-type=\"widget\" data-widget_type=\"heading.default\">\n\t\t\t\t<div class=\"elementor-widget-container\">\n\t\t\t\t\t<h2 class=\"elementor-heading-title elementor-size-default\">Susanna Casas<\/h2>\t\t\t\t<\/div>\n\t\t\t\t<\/div>\n\t\t\t\t<div class=\"elementor-element elementor-element-9cca506 elementor-widget elementor-widget-text-editor\" data-id=\"9cca506\" data-element_type=\"widget\" data-e-type=\"widget\" data-widget_type=\"text-editor.default\">\n\t\t\t\t<div class=\"elementor-widget-container\">\n\t\t\t\t\t\t\t\t\t<ul><li>Licenciada en Odontolog\u00eda por la Universidad de Barcelona.<\/li><li>M\u00e1ster de Cirug\u00eda e Implantolog\u00eda Bucal por la UB.<\/li><li>Curso de diagn\u00f3stico y Cirug\u00eda Periodontal M\u00ednimamente Invasiva.<\/li><li>Curso monogr\u00e1fico sobre elevaci\u00f3n de seno maxilar y la reconstrucci\u00f3n \u00f3sea ambulatoria.<\/li><li>Postgrado de Est\u00e9tica y Cosm\u00e9tica Dental.<\/li><li>Curso de Dise\u00f1o de la Rehabilitaci\u00f3n Oral.<\/li><li>M\u00e1ster de Terapia Neural y Odontolog\u00eda Neurofocal.<\/li><li>Seminario de Osteopat\u00eda y Odontolog\u00eda.<\/li><li>Socia de la SECIB (Sociedad Espa\u00f1ola de Cirug\u00eda Bucal) y SEPA (Sociedad Espa\u00f1ola de Periodoncia y Osteointegraci\u00f3n).<\/li><\/ul>\t\t\t\t\t\t\t\t<\/div>\n\t\t\t\t<\/div>\n\t\t\t\t<\/div>\n\t\t\t\t<div class=\"elementor-element elementor-element-da8f0e2 elementor-widget elementor-widget-image\" data-id=\"da8f0e2\" data-element_type=\"widget\" data-e-type=\"widget\" data-widget_type=\"image.default\">\n\t\t\t\t<div class=\"elementor-widget-container\">\n\t\t\t\t\t\t\t\t\t\t\t\t\t\t\t<img loading=\"lazy\" decoding=\"async\" width=\"800\" height=\"800\" src=\"https:\/\/www.creualtadental.com\/wp-content\/uploads\/2025\/04\/susanna-casas.jpg\" class=\"attachment-large size-large wp-image-2760\" alt=\"\" srcset=\"https:\/\/www.creualtadental.com\/wp-content\/uploads\/2025\/04\/susanna-casas.jpg 1000w, https:\/\/www.creualtadental.com\/wp-content\/uploads\/2025\/04\/susanna-casas-300x300.jpg 300w, https:\/\/www.creualtadental.com\/wp-content\/uploads\/2025\/04\/susanna-casas-150x150.jpg 150w, https:\/\/www.creualtadental.com\/wp-content\/uploads\/2025\/04\/susanna-casas-768x768.jpg 768w\" sizes=\"(max-width: 800px) 100vw, 800px\" \/>\t\t\t\t\t\t\t\t\t\t\t\t\t\t\t<\/div>\n\t\t\t\t<\/div>\n\t\t\t\t\t<\/div>\n\t\t\t\t<\/div>\n\t\t<div class=\"elementor-element elementor-element-e4da532 e-con-full e-flex e-con e-child\" data-id=\"e4da532\" data-element_type=\"container\" data-e-type=\"container\">\n\t\t\t\t<div class=\"elementor-element elementor-element-69e8418 elementor-widget elementor-widget-image\" data-id=\"69e8418\" data-element_type=\"widget\" data-e-type=\"widget\" data-widget_type=\"image.default\">\n\t\t\t\t<div class=\"elementor-widget-container\">\n\t\t\t\t\t\t\t\t\t\t\t\t\t\t\t<img loading=\"lazy\" decoding=\"async\" width=\"800\" height=\"800\" src=\"https:\/\/www.creualtadental.com\/wp-content\/uploads\/2025\/04\/georgina-arnau.jpg\" class=\"attachment-large size-large wp-image-2761\" alt=\"\" srcset=\"https:\/\/www.creualtadental.com\/wp-content\/uploads\/2025\/04\/georgina-arnau.jpg 1000w, https:\/\/www.creualtadental.com\/wp-content\/uploads\/2025\/04\/georgina-arnau-300x300.jpg 300w, https:\/\/www.creualtadental.com\/wp-content\/uploads\/2025\/04\/georgina-arnau-150x150.jpg 150w, https:\/\/www.creualtadental.com\/wp-content\/uploads\/2025\/04\/georgina-arnau-768x768.jpg 768w\" sizes=\"(max-width: 800px) 100vw, 800px\" \/>\t\t\t\t\t\t\t\t\t\t\t\t\t\t\t<\/div>\n\t\t\t\t<\/div>\n\t\t<div class=\"elementor-element elementor-element-9e2f11a e-con-full e-flex e-con e-child\" data-id=\"9e2f11a\" data-element_type=\"container\" data-e-type=\"container\">\n\t\t\t\t<div class=\"elementor-element elementor-element-f65d576 elementor-widget elementor-widget-heading\" data-id=\"f65d576\" data-element_type=\"widget\" data-e-type=\"widget\" data-widget_type=\"heading.default\">\n\t\t\t\t<div class=\"elementor-widget-container\">\n\t\t\t\t\t<h2 class=\"elementor-heading-title elementor-size-default\">Georgina Arnau<\/h2>\t\t\t\t<\/div>\n\t\t\t\t<\/div>\n\t\t\t\t<div class=\"elementor-element elementor-element-e441f98 elementor-widget elementor-widget-text-editor\" data-id=\"e441f98\" data-element_type=\"widget\" data-e-type=\"widget\" data-widget_type=\"text-editor.default\">\n\t\t\t\t<div class=\"elementor-widget-container\">\n\t\t\t\t\t\t\t\t\t<ul><li>Licenciada en Odontolog\u00eda &#8211; UIC.<\/li><li>M\u00e1ster en Periodoncia &#8211; UIC.<\/li><li>Especialista y M\u00e1ster en Implantolog\u00eda &#8211; Facultad de Odontolog\u00eda de la Universidad de Sevilla.<\/li><li>Forma parte de Sociedad Espa\u00f1ola de Periodoncia y Osteointegraci\u00f3n (SEPA).<\/li><li>Forma parte de Sociedad Catalana de Odontolog\u00eda y Estomatolog\u00eda (SCOE).<\/li><\/ul>\t\t\t\t\t\t\t\t<\/div>\n\t\t\t\t<\/div>\n\t\t\t\t<\/div>\n\t\t\t\t<\/div>\n\t\t<div class=\"elementor-element elementor-element-9fbafcc e-con-full e-flex e-con e-child\" data-id=\"9fbafcc\" data-element_type=\"container\" data-e-type=\"container\">\n\t\t<div class=\"elementor-element elementor-element-0b97f67 e-con-full e-flex e-con e-child\" data-id=\"0b97f67\" data-element_type=\"container\" data-e-type=\"container\">\n\t\t\t\t<div class=\"elementor-element elementor-element-73ae612 elementor-widget elementor-widget-heading\" data-id=\"73ae612\" data-element_type=\"widget\" data-e-type=\"widget\" data-widget_type=\"heading.default\">\n\t\t\t\t<div class=\"elementor-widget-container\">\n\t\t\t\t\t<h2 class=\"elementor-heading-title elementor-size-default\">Raquel Ayala<\/h2>\t\t\t\t<\/div>\n\t\t\t\t<\/div>\n\t\t\t\t<div class=\"elementor-element elementor-element-5f282d9 elementor-widget elementor-widget-text-editor\" data-id=\"5f282d9\" data-element_type=\"widget\" data-e-type=\"widget\" data-widget_type=\"text-editor.default\">\n\t\t\t\t<div class=\"elementor-widget-container\">\n\t\t\t\t\t\t\t\t\t<ul><li><p>Responsable de recepci\u00f3n y atenci\u00f3n al paciente<\/p><\/li><\/ul>\t\t\t\t\t\t\t\t<\/div>\n\t\t\t\t<\/div>\n\t\t\t\t<\/div>\n\t\t\t\t<div class=\"elementor-element elementor-element-3278ebc elementor-widget elementor-widget-image\" data-id=\"3278ebc\" data-element_type=\"widget\" data-e-type=\"widget\" data-widget_type=\"image.default\">\n\t\t\t\t<div class=\"elementor-widget-container\">\n\t\t\t\t\t\t\t\t\t\t\t\t\t\t\t<img loading=\"lazy\" decoding=\"async\" width=\"800\" height=\"800\" src=\"https:\/\/www.creualtadental.com\/wp-content\/uploads\/2025\/04\/raquel-alaya.jpg\" class=\"attachment-large size-large wp-image-2762\" alt=\"\" srcset=\"https:\/\/www.creualtadental.com\/wp-content\/uploads\/2025\/04\/raquel-alaya.jpg 1000w, https:\/\/www.creualtadental.com\/wp-content\/uploads\/2025\/04\/raquel-alaya-300x300.jpg 300w, https:\/\/www.creualtadental.com\/wp-content\/uploads\/2025\/04\/raquel-alaya-150x150.jpg 150w, https:\/\/www.creualtadental.com\/wp-content\/uploads\/2025\/04\/raquel-alaya-768x768.jpg 768w\" sizes=\"(max-width: 800px) 100vw, 800px\" \/>\t\t\t\t\t\t\t\t\t\t\t\t\t\t\t<\/div>\n\t\t\t\t<\/div>\n\t\t\t\t<\/div>\n\t\t<div class=\"elementor-element elementor-element-f6cf702 e-con-full e-flex e-con e-child\" data-id=\"f6cf702\" data-element_type=\"container\" data-e-type=\"container\">\n\t\t<div class=\"elementor-element elementor-element-11fc906 e-con-full e-flex e-con e-child\" data-id=\"11fc906\" data-element_type=\"container\" data-e-type=\"container\">\n\t\t\t\t<div class=\"elementor-element elementor-element-50594b6 elementor-widget elementor-widget-heading\" data-id=\"50594b6\" data-element_type=\"widget\" data-e-type=\"widget\" data-widget_type=\"heading.default\">\n\t\t\t\t<div class=\"elementor-widget-container\">\n\t\t\t\t\t<h2 class=\"elementor-heading-title elementor-size-default\">Pilar Cabeza<\/h2>\t\t\t\t<\/div>\n\t\t\t\t<\/div>\n\t\t\t\t<div class=\"elementor-element elementor-element-a1d271c elementor-widget elementor-widget-text-editor\" data-id=\"a1d271c\" data-element_type=\"widget\" data-e-type=\"widget\" data-widget_type=\"text-editor.default\">\n\t\t\t\t<div class=\"elementor-widget-container\">\n\t\t\t\t\t\t\t\t\t<ul><li>Auxiliar dental e Higienista dental.<\/li><li>Dedicaci\u00f3n en exclusiva en periodoncia.<\/li><li>Profesora especialista en el CFGS de Higiene Bucodental en Instituto La Ferreria en Moncada i Reixac.<\/li><\/ul>\t\t\t\t\t\t\t\t<\/div>\n\t\t\t\t<\/div>\n\t\t\t\t<\/div>\n\t\t\t\t<div class=\"elementor-element elementor-element-eb9f8e3 elementor-widget elementor-widget-image\" data-id=\"eb9f8e3\" data-element_type=\"widget\" data-e-type=\"widget\" data-widget_type=\"image.default\">\n\t\t\t\t<div class=\"elementor-widget-container\">\n\t\t\t\t\t\t\t\t\t\t\t\t\t\t\t<img loading=\"lazy\" decoding=\"async\" width=\"800\" height=\"800\" src=\"https:\/\/www.creualtadental.com\/wp-content\/uploads\/2025\/04\/pilar-cabeza.jpg\" class=\"attachment-large size-large wp-image-2764\" alt=\"\" srcset=\"https:\/\/www.creualtadental.com\/wp-content\/uploads\/2025\/04\/pilar-cabeza.jpg 1000w, https:\/\/www.creualtadental.com\/wp-content\/uploads\/2025\/04\/pilar-cabeza-300x300.jpg 300w, https:\/\/www.creualtadental.com\/wp-content\/uploads\/2025\/04\/pilar-cabeza-150x150.jpg 150w, https:\/\/www.creualtadental.com\/wp-content\/uploads\/2025\/04\/pilar-cabeza-768x768.jpg 768w\" sizes=\"(max-width: 800px) 100vw, 800px\" \/>\t\t\t\t\t\t\t\t\t\t\t\t\t\t\t<\/div>\n\t\t\t\t<\/div>\n\t\t\t\t<\/div>\n\t\t\t\t\t<\/div>\n\t\t\t\t<\/div>\n\t\t\t\t\t<\/div>\n\t\t\t\t<\/div>\n\t\t\t\t<\/div>\n\t\t","protected":false},"excerpt":{"rendered":"<p>QUIENES SOMOS El equipo de Creu Alta Dental El equipo est\u00e1 formado por excelentes profesionales de la odontolog\u00eda altamente comprometidos con la labor asistencial y el bienestar de nuestros pacientes. Saber m\u00e1s Ofrecemos una atenci\u00f3n odontol\u00f3gica integral englobando todas las especialidades en la propia cl\u00ednica. Creu Alta Dental la formamos un equipo multidisciplinar altamente cualificado [&hellip;]<\/p>\n","protected":false},"author":1,"featured_media":0,"parent":0,"menu_order":0,"comment_status":"closed","ping_status":"closed","template":"elementor_header_footer","meta":{"footnotes":""},"class_list":["post-2801","page","type-page","status-publish","hentry"],"_links":{"self":[{"href":"https:\/\/www.creualtadental.com\/es\/wp-json\/wp\/v2\/pages\/2801","targetHints":{"allow":["GET"]}}],"collection":[{"href":"https:\/\/www.creualtadental.com\/es\/wp-json\/wp\/v2\/pages"}],"about":[{"href":"https:\/\/www.creualtadental.com\/es\/wp-json\/wp\/v2\/types\/page"}],"author":[{"embeddable":true,"href":"https:\/\/www.creualtadental.com\/es\/wp-json\/wp\/v2\/users\/1"}],"replies":[{"embeddable":true,"href":"https:\/\/www.creualtadental.com\/es\/wp-json\/wp\/v2\/comments?post=2801"}],"version-history":[{"count":10,"href":"https:\/\/www.creualtadental.com\/es\/wp-json\/wp\/v2\/pages\/2801\/revisions"}],"predecessor-version":[{"id":3005,"href":"https:\/\/www.creualtadental.com\/es\/wp-json\/wp\/v2\/pages\/2801\/revisions\/3005"}],"wp:attachment":[{"href":"https:\/\/www.creualtadental.com\/es\/wp-json\/wp\/v2\/media?parent=2801"}],"curies":[{"name":"wp","href":"https:\/\/api.w.org\/{rel}","templated":true}]}}